{"id":4193,"date":"2025-02-02T14:14:01","date_gmt":"2025-02-02T13:14:01","guid":{"rendered":"http:\/\/spedition-hahne.webdesignbs.de\/empleados-administrativos\/"},"modified":"2025-05-17T13:50:24","modified_gmt":"2025-05-17T11:50:24","slug":"empleados-administrativos","status":"publish","type":"page","link":"https:\/\/www.hahne-spedition.de\/es\/carrera-profesional\/empleados-administrativos\/","title":{"rendered":"Empleados administrativos"},"content":{"rendered":"\t\t<div data-elementor-type=\"wp-page\" data-elementor-id=\"4193\" class=\"elementor elementor-4193 elementor-1792\" data-elementor-post-type=\"page\">\n\t\t\t\t<div class=\"elementor-element elementor-element-db8c4f5 e-flex e-con-boxed e-con e-parent\" data-id=\"db8c4f5\" data-element_type=\"container\" data-e-type=\"container\" data-settings=\"{&quot;background_background&quot;:&quot;classic&quot;}\">\n\t\t\t\t\t<div class=\"e-con-inner\">\n\t\t\t\t<div class=\"elementor-element elementor-element-e91539f elementor-align-center elementor-widget elementor-widget-breadcrumbs\" data-id=\"e91539f\" data-element_type=\"widget\" data-e-type=\"widget\" data-widget_type=\"breadcrumbs.default\">\n\t\t\t\t<div class=\"elementor-widget-container\">\n\t\t\t\t\t<p id=\"breadcrumbs\"><span><span><a href=\"https:\/\/www.hahne-spedition.de\/es\/\">P\u00e1gina principal<\/a><\/span><\/span><\/p>\t\t\t\t<\/div>\n\t\t\t\t<\/div>\n\t\t\t\t\t<\/div>\n\t\t\t\t<\/div>\n\t\t<div class=\"elementor-element elementor-element-c287b27 e-flex e-con-boxed e-con e-parent\" data-id=\"c287b27\" data-element_type=\"container\" data-e-type=\"container\">\n\t\t\t\t\t<div class=\"e-con-inner\">\n\t\t\t\t<div class=\"elementor-element elementor-element-8802ccb elementor-widget elementor-widget-heading\" data-id=\"8802ccb\" data-element_type=\"widget\" data-e-type=\"widget\" data-widget_type=\"heading.default\">\n\t\t\t\t<div class=\"elementor-widget-container\">\n\t\t\t\t\t<h1 class=\"elementor-heading-title elementor-size-default\">Empleados administrativos a tiempo completo y parcial (m\/f\/d) <\/h1>\t\t\t\t<\/div>\n\t\t\t\t<\/div>\n\t\t\t\t<div class=\"elementor-element elementor-element-5ba70a2 elementor-widget-divider--view-line elementor-widget elementor-widget-divider\" data-id=\"5ba70a2\" data-element_type=\"widget\" data-e-type=\"widget\" data-widget_type=\"divider.default\">\n\t\t\t\t<div class=\"elementor-widget-container\">\n\t\t\t\t\t\t\t<div class=\"elementor-divider\">\n\t\t\t<span class=\"elementor-divider-separator\">\n\t\t\t\t\t\t<\/span>\n\t\t<\/div>\n\t\t\t\t\t\t<\/div>\n\t\t\t\t<\/div>\n\t\t\t\t<div class=\"elementor-element elementor-element-9d1cd69 elementor-widget elementor-widget-text-editor\" data-id=\"9d1cd69\" data-element_type=\"widget\" data-e-type=\"widget\" data-widget_type=\"text-editor.default\">\n\t\t\t\t<div class=\"elementor-widget-container\">\n\t\t\t\t\t\t\t\t\t<p><b>Buscamos reforzar nuestro equipo en Goslar (Vienenburg) con un empleado administrativo m\/f\/d a tiempo completo y parcial&nbsp;<\/b><\/p>\n<p><b>Responsabilidades<\/b><\/p>\n<ul>\n<li>Usted procesar\u00e1 las consultas de los clientes y ser\u00e1 el primer punto de contacto por tel\u00e9fono o correo electr\u00f3nico.<\/li>\n<li>La facturaci\u00f3n, el control de facturas y el env\u00edo de las mismas, as\u00ed como la retroalimentaci\u00f3n de pedidos y el control de los trabajos realizados, formar\u00e1n parte de sus tareas.<\/li>\n<li>Usted ser\u00e1 responsable de contribuir a la configuraci\u00f3n de los procesos organizativos en la oficina como parte del equipo administrativo.<\/li>\n<li>Las tareas generales de organizaci\u00f3n y administraci\u00f3n ser\u00e1n parte de su rutina diaria de trabajo.<\/li>\n<\/ul><div><br><\/div>\n<p><b>Cualificaciones<\/b><\/p>\n<ul>\n<li>Usted posee una formaci\u00f3n profesional comercial completa o cualificaciones similares.<\/li>\n<li>Usted ya cuenta con experiencia profesional relevante en el \u00e1mbito de la contabilidad.<\/li>\n<li>La capacidad de trabajo en equipo y un m\u00e9todo de trabajo independiente son naturales para usted.<\/li>\n<li>Usted posee talento organizativo.<\/li>\n<li>Usted domina el idioma alem\u00e1n.<\/li>\n<li>El ingl\u00e9s y otros idiomas extranjeros son deseables.<\/li>\n<li>Los programas de Microsoft Office y el aprendizaje de nuevos softwares no suponen un problema para usted.<\/li>\n<li>Se caracteriza por una buena capacidad de comunicaci\u00f3n en el trato con colegas y superiores.<\/li>\n<li>Un alto grado de precisi\u00f3n y fiabilidad le caracterizan.<\/li>\n<li>Disposici\u00f3n para la formaci\u00f3n continua<\/li>\n<\/ul>\n<p>Esperamos recibir su documentaci\u00f3n de solicitud detallada, incluyendo la fecha de incorporaci\u00f3n posible y sus expectativas salariales.<\/p>\n<p>Tipo de puesto: Tiempo completo, tiempo parcial, empleo permanente, minijob<\/p>\t\t\t\t\t\t\t\t<\/div>\n\t\t\t\t<\/div>\n\t\t\t\t<div class=\"elementor-element elementor-element-d87b7c3 elementor-widget-divider--view-line elementor-widget elementor-widget-divider\" data-id=\"d87b7c3\" data-element_type=\"widget\" data-e-type=\"widget\" data-widget_type=\"divider.default\">\n\t\t\t\t<div class=\"elementor-widget-container\">\n\t\t\t\t\t\t\t<div class=\"elementor-divider\">\n\t\t\t<span class=\"elementor-divider-separator\">\n\t\t\t\t\t\t<\/span>\n\t\t<\/div>\n\t\t\t\t\t\t<\/div>\n\t\t\t\t<\/div>\n\t\t\t\t\t<\/div>\n\t\t\t\t<\/div>\n\t\t<div class=\"elementor-element elementor-element-6d095ad e-flex e-con-boxed e-con e-parent\" data-id=\"6d095ad\" data-element_type=\"container\" data-e-type=\"container\">\n\t\t\t\t\t<div class=\"e-con-inner\">\n\t\t\t\t<div class=\"elementor-element elementor-element-17d3917 elementor-widget elementor-widget-template\" data-id=\"17d3917\" data-element_type=\"widget\" data-e-type=\"widget\" data-widget_type=\"template.default\">\n\t\t\t\t<div class=\"elementor-widget-container\">\n\t\t\t\t\t\t\t<div class=\"elementor-template\">\n\t\t\t\t\t<div data-elementor-type=\"page\" data-elementor-id=\"4790\" class=\"elementor elementor-4790 elementor-4747\" data-elementor-post-type=\"elementor_library\">\n\t\t\t\t<div class=\"elementor-element elementor-element-75ccf95 e-flex e-con-boxed e-con e-parent\" data-id=\"75ccf95\" data-element_type=\"container\" data-e-type=\"container\">\n\t\t\t\t\t<div class=\"e-con-inner\">\n\t\t\t\t<div class=\"elementor-element elementor-element-3a0ccf6 elementor-widget elementor-widget-heading\" data-id=\"3a0ccf6\" data-element_type=\"widget\" data-e-type=\"widget\" data-widget_type=\"heading.default\">\n\t\t\t\t<div class=\"elementor-widget-container\">\n\t\t\t\t\t<h2 class=\"elementor-heading-title elementor-size-default\">As\u00ed puede presentar su solicitud con nosotros:<\/h2>\t\t\t\t<\/div>\n\t\t\t\t<\/div>\n\t\t\t\t\t<\/div>\n\t\t\t\t<\/div>\n\t\t<div class=\"elementor-element elementor-element-742f22e e-flex e-con-boxed e-con e-parent\" data-id=\"742f22e\" data-element_type=\"container\" data-e-type=\"container\">\n\t\t\t\t\t<div class=\"e-con-inner\">\n\t\t<div class=\"elementor-element elementor-element-afb6f1c e-con-full e-flex e-con e-child\" data-id=\"afb6f1c\" data-element_type=\"container\" data-e-type=\"container\">\n\t\t\t\t<div class=\"elementor-element elementor-element-fbbbca4 elementor-view-default elementor-widget elementor-widget-icon\" data-id=\"fbbbca4\" data-element_type=\"widget\" data-e-type=\"widget\" data-widget_type=\"icon.default\">\n\t\t\t\t<div class=\"elementor-widget-container\">\n\t\t\t\t\t\t\t<div class=\"elementor-icon-wrapper\">\n\t\t\t<div class=\"elementor-icon\">\n\t\t\t<svg aria-hidden=\"true\" class=\"e-font-icon-svg e-far-envelope\" viewBox=\"0 0 512 512\" xmlns=\"http:\/\/www.w3.org\/2000\/svg\"><path d=\"M464 64H48C21.49 64 0 85.49 0 112v288c0 26.51 21.49 48 48 48h416c26.51 0 48-21.49 48-48V112c0-26.51-21.49-48-48-48zm0 48v40.805c-22.422 18.259-58.168 46.651-134.587 106.49-16.841 13.247-50.201 45.072-73.413 44.701-23.208.375-56.579-31.459-73.413-44.701C106.18 199.465 70.425 171.067 48 152.805V112h416zM48 400V214.398c22.914 18.251 55.409 43.862 104.938 82.646 21.857 17.205 60.134 55.186 103.062 54.955 42.717.231 80.509-37.199 103.053-54.947 49.528-38.783 82.032-64.401 104.947-82.653V400H48z\"><\/path><\/svg>\t\t\t<\/div>\n\t\t<\/div>\n\t\t\t\t\t\t<\/div>\n\t\t\t\t<\/div>\n\t\t\t\t<div class=\"elementor-element elementor-element-e61ef96 elementor-widget-mobile__width-initial elementor-widget elementor-widget-text-editor\" data-id=\"e61ef96\" data-element_type=\"widget\" data-e-type=\"widget\" data-widget_type=\"text-editor.default\">\n\t\t\t\t<div class=\"elementor-widget-container\">\n\t\t\t\t\t\t\t\t\tpersonal@hahne-spedition.de\t\t\t\t\t\t\t\t<\/div>\n\t\t\t\t<\/div>\n\t\t\t\t<\/div>\n\t\t<div class=\"elementor-element elementor-element-a8444d6 e-con-full e-flex e-con e-child\" data-id=\"a8444d6\" data-element_type=\"container\" data-e-type=\"container\">\n\t\t\t\t<div class=\"elementor-element elementor-element-3403c0f elementor-view-default elementor-widget elementor-widget-icon\" data-id=\"3403c0f\" data-element_type=\"widget\" data-e-type=\"widget\" data-widget_type=\"icon.default\">\n\t\t\t\t<div class=\"elementor-widget-container\">\n\t\t\t\t\t\t\t<div class=\"elementor-icon-wrapper\">\n\t\t\t<div class=\"elementor-icon\">\n\t\t\t<svg aria-hidden=\"true\" class=\"e-font-icon-svg e-fas-mobile-alt\" viewBox=\"0 0 320 512\" xmlns=\"http:\/\/www.w3.org\/2000\/svg\"><path d=\"M272 0H48C21.5 0 0 21.5 0 48v416c0 26.5 21.5 48 48 48h224c26.5 0 48-21.5 48-48V48c0-26.5-21.5-48-48-48zM160 480c-17.7 0-32-14.3-32-32s14.3-32 32-32 32 14.3 32 32-14.3 32-32 32zm112-108c0 6.6-5.4 12-12 12H60c-6.6 0-12-5.4-12-12V60c0-6.6 5.4-12 12-12h200c6.6 0 12 5.4 12 12v312z\"><\/path><\/svg>\t\t\t<\/div>\n\t\t<\/div>\n\t\t\t\t\t\t<\/div>\n\t\t\t\t<\/div>\n\t\t\t\t<div class=\"elementor-element elementor-element-d5b2749 elementor-widget-mobile__width-initial elementor-widget elementor-widget-text-editor\" data-id=\"d5b2749\" data-element_type=\"widget\" data-e-type=\"widget\" data-widget_type=\"text-editor.default\">\n\t\t\t\t<div class=\"elementor-widget-container\">\n\t\t\t\t\t\t\t\t\t<p>05324 \/ 77 36 &#8211; 0<\/p>\t\t\t\t\t\t\t\t<\/div>\n\t\t\t\t<\/div>\n\t\t\t\t<\/div>\n\t\t\t\t\t<\/div>\n\t\t\t\t<\/div>\n\t\t\t\t<\/div>\n\t\t\t\t<\/div>\n\t\t\t\t\t\t<\/div>\n\t\t\t\t<\/div>\n\t\t\t\t\t<\/div>\n\t\t\t\t<\/div>\n\t\t\t\t<\/div>\n\t\t","protected":false},"excerpt":{"rendered":"<p>Empleados administrativos a tiempo completo y parcial (m\/f\/d) Buscamos reforzar nuestro equipo en Goslar (Vienenburg) con un empleado administrativo m\/f\/d a tiempo completo y parcial&nbsp; Responsabilidades Usted procesar\u00e1 las consultas de los clientes y ser\u00e1 el primer punto de contacto por tel\u00e9fono o correo electr\u00f3nico. La facturaci\u00f3n, el control de facturas y el env\u00edo de [&hellip;]<\/p>\n","protected":false},"author":1,"featured_media":0,"parent":4313,"menu_order":0,"comment_status":"closed","ping_status":"closed","template":"","meta":{"footnotes":""},"class_list":["post-4193","page","type-page","status-publish","hentry"],"yoast_head":"<!-- This site is optimized with the Yoast SEO plugin v27.4 - https:\/\/yoast.com\/product\/yoast-seo-wordpress\/ -->\n<title>Empleados administrativos - Spedition Hahne<\/title>\n<meta name=\"robots\" content=\"index, follow, max-snippet:-1, max-image-preview:large, max-video-preview:-1\" \/>\n<link rel=\"canonical\" href=\"https:\/\/www.hahne-spedition.de\/es\/carrera-profesional\/empleados-administrativos\/\" \/>\n<meta property=\"og:locale\" content=\"es_ES\" \/>\n<meta property=\"og:type\" content=\"article\" \/>\n<meta property=\"og:title\" content=\"Empleados administrativos - Spedition Hahne\" \/>\n<meta property=\"og:description\" content=\"Empleados administrativos a tiempo completo y parcial (m\/f\/d) Buscamos reforzar nuestro equipo en Goslar (Vienenburg) con un empleado administrativo m\/f\/d a tiempo completo y parcial&nbsp; Responsabilidades Usted procesar\u00e1 las consultas de los clientes y ser\u00e1 el primer punto de contacto por tel\u00e9fono o correo electr\u00f3nico. La facturaci\u00f3n, el control de facturas y el env\u00edo de [&hellip;]\" \/>\n<meta property=\"og:url\" content=\"https:\/\/www.hahne-spedition.de\/es\/carrera-profesional\/empleados-administrativos\/\" \/>\n<meta property=\"og:site_name\" content=\"Spedition Hahne\" \/>\n<meta property=\"article:modified_time\" content=\"2025-05-17T11:50:24+00:00\" \/>\n<meta name=\"twitter:card\" content=\"summary_large_image\" \/>\n<meta name=\"twitter:label1\" content=\"Tiempo de lectura\" \/>\n\t<meta name=\"twitter:data1\" content=\"1 minuto\" \/>\n<script type=\"application\/ld+json\" class=\"yoast-schema-graph\">{\"@context\":\"https:\\\/\\\/schema.org\",\"@graph\":[{\"@type\":\"WebPage\",\"@id\":\"https:\\\/\\\/www.hahne-spedition.de\\\/es\\\/carrera-profesional\\\/empleados-administrativos\\\/\",\"url\":\"https:\\\/\\\/www.hahne-spedition.de\\\/es\\\/carrera-profesional\\\/empleados-administrativos\\\/\",\"name\":\"Empleados administrativos - Spedition Hahne\",\"isPartOf\":{\"@id\":\"https:\\\/\\\/www.hahne-spedition.de\\\/es\\\/#website\"},\"datePublished\":\"2025-02-02T13:14:01+00:00\",\"dateModified\":\"2025-05-17T11:50:24+00:00\",\"breadcrumb\":{\"@id\":\"https:\\\/\\\/www.hahne-spedition.de\\\/es\\\/carrera-profesional\\\/empleados-administrativos\\\/#breadcrumb\"},\"inLanguage\":\"es\",\"potentialAction\":[{\"@type\":\"ReadAction\",\"target\":[\"https:\\\/\\\/www.hahne-spedition.de\\\/es\\\/carrera-profesional\\\/empleados-administrativos\\\/\"]}]},{\"@type\":\"BreadcrumbList\",\"@id\":\"https:\\\/\\\/www.hahne-spedition.de\\\/es\\\/carrera-profesional\\\/empleados-administrativos\\\/#breadcrumb\",\"itemListElement\":[{\"@type\":\"ListItem\",\"position\":1,\"name\":\"P\u00e1gina principal\",\"item\":\"https:\\\/\\\/www.hahne-spedition.de\\\/es\\\/\"},{\"@type\":\"ListItem\",\"position\":2,\"name\":\"Carrera profesional\",\"item\":\"https:\\\/\\\/www.hahne-spedition.de\\\/es\\\/carrera-profesional\\\/\"},{\"@type\":\"ListItem\",\"position\":3,\"name\":\"Empleados administrativos\"}]},{\"@type\":\"WebSite\",\"@id\":\"https:\\\/\\\/www.hahne-spedition.de\\\/es\\\/#website\",\"url\":\"https:\\\/\\\/www.hahne-spedition.de\\\/es\\\/\",\"name\":\"Spedition Hahne\",\"description\":\"Immer in Bewegung\",\"publisher\":{\"@id\":\"https:\\\/\\\/www.hahne-spedition.de\\\/es\\\/#organization\"},\"potentialAction\":[{\"@type\":\"SearchAction\",\"target\":{\"@type\":\"EntryPoint\",\"urlTemplate\":\"https:\\\/\\\/www.hahne-spedition.de\\\/es\\\/?s={search_term_string}\"},\"query-input\":{\"@type\":\"PropertyValueSpecification\",\"valueRequired\":true,\"valueName\":\"search_term_string\"}}],\"inLanguage\":\"es\"},{\"@type\":\"Organization\",\"@id\":\"https:\\\/\\\/www.hahne-spedition.de\\\/es\\\/#organization\",\"name\":\"Spedition Hahne\",\"url\":\"https:\\\/\\\/www.hahne-spedition.de\\\/es\\\/\",\"logo\":{\"@type\":\"ImageObject\",\"inLanguage\":\"es\",\"@id\":\"https:\\\/\\\/www.hahne-spedition.de\\\/es\\\/#\\\/schema\\\/logo\\\/image\\\/\",\"url\":\"https:\\\/\\\/www.hahne-spedition.de\\\/wp-content\\\/uploads\\\/2024\\\/11\\\/spedition-hahne-logo.png\",\"contentUrl\":\"https:\\\/\\\/www.hahne-spedition.de\\\/wp-content\\\/uploads\\\/2024\\\/11\\\/spedition-hahne-logo.png\",\"width\":637,\"height\":246,\"caption\":\"Spedition Hahne\"},\"image\":{\"@id\":\"https:\\\/\\\/www.hahne-spedition.de\\\/es\\\/#\\\/schema\\\/logo\\\/image\\\/\"}}]}<\/script>\n<!-- \/ Yoast SEO plugin. -->","yoast_head_json":{"title":"Empleados administrativos - Spedition Hahne","robots":{"index":"index","follow":"follow","max-snippet":"max-snippet:-1","max-image-preview":"max-image-preview:large","max-video-preview":"max-video-preview:-1"},"canonical":"https:\/\/www.hahne-spedition.de\/es\/carrera-profesional\/empleados-administrativos\/","og_locale":"es_ES","og_type":"article","og_title":"Empleados administrativos - Spedition Hahne","og_description":"Empleados administrativos a tiempo completo y parcial (m\/f\/d) Buscamos reforzar nuestro equipo en Goslar (Vienenburg) con un empleado administrativo m\/f\/d a tiempo completo y parcial&nbsp; Responsabilidades Usted procesar\u00e1 las consultas de los clientes y ser\u00e1 el primer punto de contacto por tel\u00e9fono o correo electr\u00f3nico. La facturaci\u00f3n, el control de facturas y el env\u00edo de [&hellip;]","og_url":"https:\/\/www.hahne-spedition.de\/es\/carrera-profesional\/empleados-administrativos\/","og_site_name":"Spedition Hahne","article_modified_time":"2025-05-17T11:50:24+00:00","twitter_card":"summary_large_image","twitter_misc":{"Tiempo de lectura":"1 minuto"},"schema":{"@context":"https:\/\/schema.org","@graph":[{"@type":"WebPage","@id":"https:\/\/www.hahne-spedition.de\/es\/carrera-profesional\/empleados-administrativos\/","url":"https:\/\/www.hahne-spedition.de\/es\/carrera-profesional\/empleados-administrativos\/","name":"Empleados administrativos - Spedition Hahne","isPartOf":{"@id":"https:\/\/www.hahne-spedition.de\/es\/#website"},"datePublished":"2025-02-02T13:14:01+00:00","dateModified":"2025-05-17T11:50:24+00:00","breadcrumb":{"@id":"https:\/\/www.hahne-spedition.de\/es\/carrera-profesional\/empleados-administrativos\/#breadcrumb"},"inLanguage":"es","potentialAction":[{"@type":"ReadAction","target":["https:\/\/www.hahne-spedition.de\/es\/carrera-profesional\/empleados-administrativos\/"]}]},{"@type":"BreadcrumbList","@id":"https:\/\/www.hahne-spedition.de\/es\/carrera-profesional\/empleados-administrativos\/#breadcrumb","itemListElement":[{"@type":"ListItem","position":1,"name":"P\u00e1gina principal","item":"https:\/\/www.hahne-spedition.de\/es\/"},{"@type":"ListItem","position":2,"name":"Carrera profesional","item":"https:\/\/www.hahne-spedition.de\/es\/carrera-profesional\/"},{"@type":"ListItem","position":3,"name":"Empleados administrativos"}]},{"@type":"WebSite","@id":"https:\/\/www.hahne-spedition.de\/es\/#website","url":"https:\/\/www.hahne-spedition.de\/es\/","name":"Spedition Hahne","description":"Immer in Bewegung","publisher":{"@id":"https:\/\/www.hahne-spedition.de\/es\/#organization"},"potentialAction":[{"@type":"SearchAction","target":{"@type":"EntryPoint","urlTemplate":"https:\/\/www.hahne-spedition.de\/es\/?s={search_term_string}"},"query-input":{"@type":"PropertyValueSpecification","valueRequired":true,"valueName":"search_term_string"}}],"inLanguage":"es"},{"@type":"Organization","@id":"https:\/\/www.hahne-spedition.de\/es\/#organization","name":"Spedition Hahne","url":"https:\/\/www.hahne-spedition.de\/es\/","logo":{"@type":"ImageObject","inLanguage":"es","@id":"https:\/\/www.hahne-spedition.de\/es\/#\/schema\/logo\/image\/","url":"https:\/\/www.hahne-spedition.de\/wp-content\/uploads\/2024\/11\/spedition-hahne-logo.png","contentUrl":"https:\/\/www.hahne-spedition.de\/wp-content\/uploads\/2024\/11\/spedition-hahne-logo.png","width":637,"height":246,"caption":"Spedition Hahne"},"image":{"@id":"https:\/\/www.hahne-spedition.de\/es\/#\/schema\/logo\/image\/"}}]}},"_links":{"self":[{"href":"https:\/\/www.hahne-spedition.de\/es\/wp-json\/wp\/v2\/pages\/4193","targetHints":{"allow":["GET"]}}],"collection":[{"href":"https:\/\/www.hahne-spedition.de\/es\/wp-json\/wp\/v2\/pages"}],"about":[{"href":"https:\/\/www.hahne-spedition.de\/es\/wp-json\/wp\/v2\/types\/page"}],"author":[{"embeddable":true,"href":"https:\/\/www.hahne-spedition.de\/es\/wp-json\/wp\/v2\/users\/1"}],"replies":[{"embeddable":true,"href":"https:\/\/www.hahne-spedition.de\/es\/wp-json\/wp\/v2\/comments?post=4193"}],"version-history":[{"count":2,"href":"https:\/\/www.hahne-spedition.de\/es\/wp-json\/wp\/v2\/pages\/4193\/revisions"}],"predecessor-version":[{"id":4795,"href":"https:\/\/www.hahne-spedition.de\/es\/wp-json\/wp\/v2\/pages\/4193\/revisions\/4795"}],"up":[{"embeddable":true,"href":"https:\/\/www.hahne-spedition.de\/es\/wp-json\/wp\/v2\/pages\/4313"}],"wp:attachment":[{"href":"https:\/\/www.hahne-spedition.de\/es\/wp-json\/wp\/v2\/media?parent=4193"}],"curies":[{"name":"wp","href":"https:\/\/api.w.org\/{rel}","templated":true}]}}