{"id":4309,"date":"2024-11-12T15:11:12","date_gmt":"2024-11-12T14:11:12","guid":{"rendered":"http:\/\/spedition-hahne.webdesignbs.de\/ochrona-danych\/"},"modified":"2025-06-13T12:58:09","modified_gmt":"2025-06-13T10:58:09","slug":"ochrona-danych","status":"publish","type":"page","link":"https:\/\/www.hahne-spedition.de\/pl\/ochrona-danych\/","title":{"rendered":"Ochrona danych"},"content":{"rendered":"\n<h2 class=\"wp-block-heading\">Og\u00f3lne<\/h2>\n\n<p>Jako operator tej witryny internetowej i jako firma mamy kontakt z danymi osobowymi u\u017cytkownik\u00f3w. Odnosi si\u0119 to do wszystkich danych, kt\u00f3re m\u00f3wi\u0105 co\u015b o u\u017cytkowniku i za pomoc\u0105 kt\u00f3rych mo\u017cna go zidentyfikowa\u0107. W niniejszej polityce prywatno\u015bci chcieliby\u015bmy wyja\u015bni\u0107, w jaki spos\u00f3b, w jakim celu i na jakiej podstawie prawnej przetwarzamy Twoje dane.  <\/p>\n\n<p>Jeste\u015bmy odpowiedzialni za przetwarzanie danych na tej stronie internetowej i w naszej firmie:<\/p>\n\n<p>Spedition Hahne GmbH<br\/>Am G\u00fcterbahnhof 10-12<br\/>38690 Goslar \/ Vienenburg<br\/>Niemcy<\/p>\n\n<p>Telefon: 0 53 24 \/ 77 36 &#8211; 0<br\/>E-mail: info@hahne-spedition.de<\/p>\n\n<h2 class=\"wp-block-heading\">Informacje og\u00f3lne<\/h2>\n\n<h3 class=\"wp-block-heading\">Szyfrowanie SSL lub TLS<\/h3>\n\n<p>Wprowadzaj\u0105c swoje dane na stronach internetowych, sk\u0142adaj\u0105c zam\u00f3wienia online lub wysy\u0142aj\u0105c wiadomo\u015bci e-mail przez Internet, nale\u017cy zawsze by\u0107 przygotowanym na dost\u0119p nieupowa\u017cnionych os\u00f3b trzecich do swoich danych. Nie ma pe\u0142nej ochrony przed takim dost\u0119pem. Dok\u0142adamy jednak wszelkich stara\u0144, aby chroni\u0107 dane u\u017cytkownik\u00f3w w najlepszy mo\u017cliwy spos\u00f3b i w miar\u0119 mo\u017cliwo\u015bci usuwa\u0107 luki w zabezpieczeniach.  <\/p>\n\n<p>Wa\u017cnym mechanizmem ochrony jest szyfrowanie SSL lub TLS naszej strony internetowej, kt\u00f3re zapewnia, \u017ce dane, kt\u00f3re nam przekazujesz, nie mog\u0105 by\u0107 odczytane przez osoby trzecie. Szyfrowanie mo\u017cna rozpozna\u0107 po ikonie k\u0142\u00f3dki przed adresem internetowym wpisanym w przegl\u0105darce oraz po tym, \u017ce nasz adres internetowy zaczyna si\u0119 od https:\/\/, a nie od http:\/\/. <\/p>\n\n<h3 class=\"wp-block-heading\">Jak d\u0142ugo przechowujemy dane u\u017cytkownika?<\/h3>\n\n<p>W niekt\u00f3rych miejscach niniejszej polityki prywatno\u015bci informujemy u\u017cytkownika o tym, jak d\u0142ugo my lub firmy przetwarzaj\u0105ce jego dane w naszym imieniu przechowujemy jego dane. Je\u015bli taka informacja nie zostanie podana, b\u0119dziemy przechowywa\u0107 dane u\u017cytkownika do momentu, gdy cel przetwarzania danych przestanie mie\u0107 zastosowanie, u\u017cytkownik sprzeciwi si\u0119 przetwarzaniu danych lub wycofa swoj\u0105 zgod\u0119 na przetwarzanie danych. <\/p>\n\n<p>Jednak w przypadku sprzeciwu lub odwo\u0142ania mo\u017cemy kontynuowa\u0107 przetwarzanie danych u\u017cytkownika, je\u015bli spe\u0142niony jest co najmniej jeden z poni\u017cszych warunk\u00f3w:<\/p>\n\n<ul class=\"wp-block-list\">\n<li>Mamy uzasadnione podstawy do kontynuowania przetwarzania danych, kt\u00f3re przewa\u017caj\u0105 nad interesami, prawami i wolno\u015bciami u\u017cytkownika (tylko w przypadku sprzeciwu wobec przetwarzania danych; je\u015bli sprzeciw dotyczy marketingu bezpo\u015bredniego, nie mo\u017cemy przedstawi\u0107 \u017cadnych uzasadnionych podstaw).<\/li>\n\n\n\n<li>Przetwarzanie danych jest niezb\u0119dne w celu dochodzenia, wykonywania lub obrony roszcze\u0144 prawnych (nie ma zastosowania, je\u015bli sprzeciw jest skierowany przeciwko reklamie bezpo\u015bredniej).<\/li>\n\n\n\n<li>Jeste\u015bmy prawnie zobowi\u0105zani do przechowywania danych u\u017cytkownika.<\/li>\n<\/ul>\n\n<p>W takim przypadku usuniemy dane u\u017cytkownika, gdy tylko przestan\u0105 one obowi\u0105zywa\u0107.<\/p>\n\n<h3 class=\"wp-block-heading\">Transfer danych do USA<\/h3>\n\n<p>Na naszej stronie internetowej korzystamy r\u00f3wnie\u017c z narz\u0119dzi firm, kt\u00f3re przesy\u0142aj\u0105 dane u\u017cytkownik\u00f3w do USA i tam je przechowuj\u0105 oraz, w razie potrzeby, przetwarzaj\u0105. Komisja Europejska przyj\u0119\u0142a decyzj\u0119 stwierdzaj\u0105c\u0105 odpowiedni poziom ochrony w odniesieniu do ram ochrony danych UE-USA. Stanowi ona, \u017ce USA gwarantuj\u0105 odpowiedni poziom ochrony danych osobowych z UE, kt\u00f3re s\u0105 przekazywane firmom ameryka\u0144skim. Decyzja ta opiera si\u0119 na nowych zabezpieczeniach i \u015brodkach wprowadzonych przez USA w celu spe\u0142nienia wymog\u00f3w ochrony danych. Decyzja stwierdzaj\u0105ca odpowiedni poziom ochrony obejmuje mi\u0119dzy innymi ograniczenia i zabezpieczenia dost\u0119pu ameryka\u0144skich s\u0142u\u017cb wywiadowczych do danych. Wprowadzono wi\u0105\u017c\u0105ce zabezpieczenia, aby ograniczy\u0107 dost\u0119p ameryka\u0144skich agencji wywiadowczych do tego, co jest konieczne i proporcjonalne do ochrony bezpiecze\u0144stwa narodowego. Ponadto ustanowiono zwi\u0119kszony nadz\u00f3r nad dzia\u0142aniami ameryka\u0144skich s\u0142u\u017cb wywiadowczych, aby zapewni\u0107 przestrzeganie ogranicze\u0144 w zakresie dzia\u0142a\u0144 inwigilacyjnych. Ustanowiono r\u00f3wnie\u017c niezale\u017cny mechanizm dochodzenia roszcze\u0144 w celu rozpatrywania i rozstrzygania skarg obywateli europejskich dotycz\u0105cych dost\u0119pu do ich danych. Ramy Tarczy Prywatno\u015bci UE-USA umo\u017cliwiaj\u0105 zatem europejskim firmom przekazywanie danych certyfikowanym firmom ameryka\u0144skim bez konieczno\u015bci wprowadzania dodatkowych zabezpiecze\u0144 ochrony danych. List\u0119 wszystkich certyfikowanych firm mo\u017cna znale\u017a\u0107 pod nast\u0119puj\u0105cym linkiem: <a target=\"_blank\" rel=\"noreferrer noopener\" href=\"https:\/\/www.dataprivacyframework.gov\/s\/participant-search\">https:\/\/www.dataprivacyframework.gov\/s\/participant-search<\/a>         <\/p>\n\n<p>Nie mo\u017cna wykluczy\u0107 zmiany decyzji Komisji Europejskiej.<\/p>\n\n<h3 class=\"wp-block-heading\">Inspektor ochrony danych<\/h3>\n\n<p>Wyznaczyli\u015bmy inspektora ochrony danych w naszej firmie.<\/p>\n\n<p>Bornemann Consulting<br\/>Im Fliegerhorst 10<br\/>38642 Goslar<\/p>\n\n<p>Adres e-mail: dsb@bornemann.net<br\/>Numer telefonu: 0511 \/ 16592321<\/p>\n\n<h2 class=\"wp-block-heading\">Twoje prawa<\/h2>\n\n<h3 class=\"wp-block-heading\">Sprzeciw wobec przetwarzania danych<\/h3>\n\n<p>JE\u015aLI PRZECZYTASZ W NINIEJSZEJ POLITYCE PRYWATNO\u015aCI, \u017bE MAMY UZASADNIONE INTERESY W PRZETWARZANIU TWOICH DANYCH I DLATEGO OPIERAMY TO NA ART. 6 ABS. 1 ZDANIE 1 LIT. F) RODO, U\u017bYTKOWNIK MA PRAWO NA MOCY ART. 21 RODO, U\u017bYTKOWNIK MA PRAWO DO WNIESIENIA SPRZECIWU. DOTYCZY TO R\u00d3WNIE\u017b PROFILOWANIA NA PODSTAWIE WY\u017bEJ WYMIENIONEGO PRZEPISU. WARUNKIEM WST\u0118PNYM JEST PODANIE POWOD\u00d3W SPRZECIWU, KT\u00d3RE WYNIKAJ\u0104 Z KONKRETNEJ SYTUACJI U\u017bYTKOWNIKA. UZASADNIENIE NIE JEST WYMAGANE, JE\u015aLI SPRZECIW JEST SKIEROWANY PRZECIWKO WYKORZYSTYWANIU DANYCH U\u017bYTKOWNIKA DO CEL\u00d3W REKLAMY BEZPO\u015aREDNIEJ.     <\/p>\n\n<p>KONSEKWENCJ\u0104 SPRZECIWU JEST TO, \u017bE NIE MO\u017bEMY JU\u017b PRZETWARZA\u0106 DANYCH U\u017bYTKOWNIKA. NIE MA TO ZASTOSOWANIA TYLKO WTEDY, GDY MA ZASTOSOWANIE JEDEN Z PONI\u017bSZYCH WARUNK\u00d3W: <\/p>\n\n<ul class=\"wp-block-list\">\n<li>MO\u017bEMY WYKAZA\u0106 ISTOTNE UZASADNIONE PODSTAWY PRZETWARZANIA, KT\u00d3RE S\u0104 NADRZ\u0118DNE WOBEC INTERES\u00d3W, PRAW I WOLNO\u015aCI U\u017bYTKOWNIKA.<\/li>\n\n\n\n<li>PRZETWARZANIE S\u0141U\u017bY DOCHODZENIU, WYKONYWANIU LUB OBRONIE ROSZCZE\u0143 PRAWNYCH.<\/li>\n<\/ul>\n\n<p>WYJ\u0104TKI NIE MAJ\u0104 ZASTOSOWANIA, JE\u015aLI SPRZECIW U\u017bYTKOWNIKA JEST SKIEROWANY PRZECIWKO REKLAMIE BEZPO\u015aREDNIEJ LUB PROFILOWANIU W ZWI\u0104ZKU Z NI\u0104.<\/p>\n\n<h3 class=\"wp-block-heading\">Dalsze prawa<\/h3>\n\n<h4 class=\"wp-block-heading\">Cofni\u0119cie zgody na przetwarzanie danych<\/h4>\n\n<p>Wiele operacji przetwarzania danych opiera si\u0119 na zgodzie u\u017cytkownika. U\u017cytkownik udziela takiej zgody, na przyk\u0142ad zaznaczaj\u0105c odpowiednie pole w formularzach online przed wys\u0142aniem formularza lub zezwalaj\u0105c na okre\u015blone pliki cookie podczas odwiedzania naszej witryny internetowej. U\u017cytkownik mo\u017ce odwo\u0142a\u0107 swoj\u0105 zgod\u0119 w dowolnym momencie bez podawania przyczyn (art. 7 ust. 3 RODO). Od momentu wycofania zgody nie mo\u017cemy ju\u017c przetwarza\u0107 danych u\u017cytkownika. Jedyny wyj\u0105tek: jeste\u015bmy prawnie zobowi\u0105zani do przechowywania danych przez okre\u015blony czas. Takie okresy przechowywania istniej\u0105 w szczeg\u00f3lno\u015bci w prawie podatkowym i handlowym.     <\/p>\n\n<h4 class=\"wp-block-heading\">Prawo do z\u0142o\u017cenia skargi do w\u0142a\u015bciwego organu nadzorczego<\/h4>\n\n<p>Je\u015bli u\u017cytkownik uwa\u017ca, \u017ce naruszamy og\u00f3lne rozporz\u0105dzenie o ochronie danych (RODO), ma prawo z\u0142o\u017cy\u0107 skarg\u0119 do organu nadzorczego zgodnie z art. 77 RODO. U\u017cytkownik mo\u017ce skontaktowa\u0107 si\u0119 z organem nadzorczym w pa\u0144stwie cz\u0142onkowskim swojego miejsca zamieszkania, miejsca pracy lub miejsca, w kt\u00f3rym dosz\u0142o do domniemanego naruszenia. Prawo do z\u0142o\u017cenia skargi istnieje opr\u00f3cz administracyjnych lub s\u0105dowych \u015brodk\u00f3w odwo\u0142awczych.  <\/p>\n\n<h4 class=\"wp-block-heading\">Prawo do przenoszenia danych<\/h4>\n\n<p>Dane, kt\u00f3re przetwarzamy automatycznie na podstawie zgody u\u017cytkownika lub w ramach realizacji umowy, musz\u0105 zosta\u0107 przekazane u\u017cytkownikowi lub stronie trzeciej w powszechnie u\u017cywanym formacie nadaj\u0105cym si\u0119 do odczytu maszynowego, je\u015bli u\u017cytkownik tego za\u017c\u0105da. Mo\u017cemy przekaza\u0107 dane innemu administratorowi tylko wtedy, gdy jest to technicznie mo\u017cliwe. <\/p>\n\n<h4 class=\"wp-block-heading\">Prawo do dost\u0119pu do danych, ich usuni\u0119cia i sprostowania<\/h4>\n\n<p>Zgodnie z art. 15 RODO u\u017cytkownik ma prawo do bezp\u0142atnej informacji o tym, jakie dane osobowe przechowujemy na jego temat, sk\u0105d pochodz\u0105 te dane, komu je przekazujemy i w jakim celu s\u0105 przechowywane. Je\u015bli dane s\u0105 nieprawid\u0142owe, u\u017cytkownik ma prawo do ich sprostowania (art. 16 RODO); na warunkach okre\u015blonych w art. 17 RODO u\u017cytkownik mo\u017ce za\u017c\u0105da\u0107 usuni\u0119cia danych. <\/p>\n\n<h4 class=\"wp-block-heading\">Prawo do ograniczenia przetwarzania<\/h4>\n\n<p>W niekt\u00f3rych sytuacjach u\u017cytkownik mo\u017ce za\u017c\u0105da\u0107, aby\u015bmy ograniczyli przetwarzanie jego danych zgodnie z art. 18 RODO. Dane mog\u0105 by\u0107 w\u00f3wczas &#8211; opr\u00f3cz przechowywania &#8211; przetwarzane wy\u0142\u0105cznie w nast\u0119puj\u0105cy spos\u00f3b: <\/p>\n\n<ul class=\"wp-block-list\">\n<li>za zgod\u0105 u\u017cytkownika<\/li>\n\n\n\n<li>w celu dochodzenia, wykonywania lub obrony roszcze\u0144 prawnych<\/li>\n\n\n\n<li>ochrona praw innej osoby fizycznej lub prawnej<\/li>\n\n\n\n<li>ze wzgl\u0119du na wa\u017cny interes publiczny Unii Europejskiej lub pa\u0144stwa cz\u0142onkowskiego<\/li>\n<\/ul>\n\n<p>Prawo do ograniczenia przetwarzania istnieje w nast\u0119puj\u0105cych sytuacjach:<\/p>\n\n<ul class=\"wp-block-list\">\n<li>U\u017cytkownik zakwestionowa\u0142 prawid\u0142owo\u015b\u0107 swoich danych osobowych przechowywanych przez nas i potrzebujemy czasu, aby to sprawdzi\u0107. W tym przypadku masz prawo do czasu trwania przegl\u0105du. <\/li>\n\n\n\n<li>Przetwarzanie danych osobowych u\u017cytkownika jest niezgodne z prawem lub by\u0142o niezgodne z prawem w przesz\u0142o\u015bci. W takim przypadku u\u017cytkownikowi przys\u0142uguje alternatywne prawo do usuni\u0119cia danych. <\/li>\n\n\n\n<li>Nie potrzebujemy ju\u017c danych osobowych u\u017cytkownika, ale s\u0105 one potrzebne do wykonania, obrony lub dochodzenia roszcze\u0144 prawnych. U\u017cytkownik ma r\u00f3wnie\u017c prawo do usuni\u0119cia danych. <\/li>\n\n\n\n<li>U\u017cytkownik wni\u00f3s\u0142 sprzeciw zgodnie z art. 21 (1) RODO, a teraz jego interesy i nasze interesy musz\u0105 zosta\u0107 zestawione ze sob\u0105. U\u017cytkownik ma do tego prawo, dop\u00f3ki wynik procesu r\u00f3wnowa\u017cenia nie zostanie jeszcze ustalony.  <\/li>\n<\/ul>\n\n<h2 class=\"wp-block-heading\">Hosting i sieci dostarczania tre\u015bci (CDN)<\/h2>\n\n<h3 class=\"wp-block-heading\">Hosting zewn\u0119trzny<\/h3>\n\n<p>Nasza witryna jest hostowana na serwerze nast\u0119puj\u0105cego dostawcy us\u0142ug internetowych (hostera):<\/p>\n\n<p>IONOS SE<br\/>Elgendorfer Str. 57<br\/>56410 Montabaur<\/p>\n\n<h4 class=\"wp-block-heading\">Jak przetwarzamy dane u\u017cytkownik\u00f3w?<\/h4>\n\n<p>Host przechowuje wszystkie dane z naszej strony internetowej. Obejmuje to r\u00f3wnie\u017c wszystkie dane osobowe, kt\u00f3re s\u0105 gromadzone automatycznie lub przez u\u017cytkownika. Mo\u017ce to obejmowa\u0107 w szczeg\u00f3lno\u015bci Tw\u00f3j adres IP, odwiedzane strony, imiona i nazwiska, dane kontaktowe i zapytania, a tak\u017ce metadane i dane komunikacyjne. Przetwarzaj\u0105c dane, nasz hostingodawca post\u0119puje zgodnie z naszymi instrukcjami i przetwarza dane tylko w takim zakresie, w jakim jest to konieczne do wype\u0142nienia zobowi\u0105zania do \u015bwiadczenia us\u0142ug na nasz\u0105 rzecz.   <\/p>\n\n<h4 class=\"wp-block-heading\">Na jakiej podstawie prawnej przetwarzamy dane u\u017cytkownika?<\/h4>\n\n<p>Poniewa\u017c zwracamy si\u0119 do potencjalnych klient\u00f3w za po\u015brednictwem naszej strony internetowej i utrzymujemy kontakt z obecnymi klientami, przetwarzanie danych przez naszego hostera s\u0142u\u017cy zainicjowaniu i wykonaniu umowy, a zatem opiera si\u0119 na art. 6 ust. 1 lit. a RODO. 1 litr. b) RODO. Ponadto naszym uzasadnionym interesem jako firmy jest zapewnienie profesjonalnej strony internetowej, kt\u00f3ra spe\u0142nia niezb\u0119dne wymagania w zakresie bezpiecze\u0144stwa, szybko\u015bci i wydajno\u015bci. W zwi\u0105zku z tym przetwarzamy r\u00f3wnie\u017c dane u\u017cytkownika na podstawie art. 6 ust. 1 litr. f) RODO.<\/p>\n\n<h2 class=\"wp-block-heading\">Gromadzenie danych na tej stronie internetowej<\/h2>\n\n<h2 class=\"wp-block-heading\">Korzystanie z plik\u00f3w cookie<\/h2>\n\n<p>Nasza strona internetowa umieszcza pliki cookie na urz\u0105dzeniu u\u017cytkownika. S\u0105 to ma\u0142e pliki tekstowe wykorzystywane do r\u00f3\u017cnych cel\u00f3w. Niekt\u00f3re pliki cookie s\u0105 technicznie niezb\u0119dne do dzia\u0142ania witryny (niezb\u0119dne pliki cookie). Inne s\u0105 wymagane do wykonywania okre\u015blonych dzia\u0142a\u0144 lub funkcji w witrynie (funkcjonalne pliki cookie). Na przyk\u0142ad bez plik\u00f3w cookie nie by\u0142oby mo\u017cliwe korzystanie z zalet koszyka zakup\u00f3w w sklepie internetowym. Inne pliki cookie s\u0142u\u017c\u0105 do analizy zachowa\u0144 u\u017cytkownik\u00f3w lub optymalizacji dzia\u0142a\u0144 reklamowych. Je\u015bli korzystamy z us\u0142ug stron trzecich na naszej stronie internetowej, np. w celu przetwarzania transakcji p\u0142atniczych, firmy te mog\u0105 r\u00f3wnie\u017c pozostawia\u0107 pliki cookie na urz\u0105dzeniu u\u017cytkownika podczas uzyskiwania dost\u0119pu do strony internetowej (tzw. pliki cookie stron trzecich).      <\/p>\n\n<h4 class=\"wp-block-heading\">Jak przetwarzamy dane u\u017cytkownik\u00f3w?<\/h4>\n\n<p>Sesyjne pliki cookie s\u0105 przechowywane na urz\u0105dzeniu u\u017cytkownika tylko przez czas trwania sesji. Po zamkni\u0119ciu przegl\u0105darki znikaj\u0105 automatycznie. Trwa\u0142e pliki cookie pozostaj\u0105 natomiast na urz\u0105dzeniu u\u017cytkownika, je\u015bli u\u017cytkownik nie usunie ich samodzielnie. Mo\u017ce to na przyk\u0142ad prowadzi\u0107 do trwa\u0142ej analizy zachowania u\u017cytkownika. Za pomoc\u0105 ustawie\u0144 przegl\u0105darki mo\u017cna wp\u0142ywa\u0107 na spos\u00f3b obs\u0142ugi plik\u00f3w cookie:    <\/p>\n\n<ul class=\"wp-block-list\">\n<li>Czy chcesz by\u0107 informowany o ustawieniu plik\u00f3w cookie?<\/li>\n\n\n\n<li>Czy chcesz wykluczy\u0107 pliki cookie og\u00f3lnie lub w okre\u015blonych przypadkach?<\/li>\n\n\n\n<li>Czy chcesz, aby pliki cookie by\u0142y automatycznie usuwane po zamkni\u0119ciu przegl\u0105darki?<\/li>\n<\/ul>\n\n<p>Je\u015bli u\u017cytkownik dezaktywuje lub nie zezwoli na pliki cookie, funkcjonalno\u015b\u0107 witryny mo\u017ce by\u0107 ograniczona.<\/p>\n\n<p>Je\u015bli u\u017cywamy plik\u00f3w cookie innych firm lub do cel\u00f3w analitycznych, poinformujemy o tym w niniejszej polityce prywatno\u015bci. Prosimy r\u00f3wnie\u017c o wyra\u017cenie zgody w tym zakresie podczas odwiedzania naszej witryny internetowej. <\/p>\n\n<h4 class=\"wp-block-heading\">Na jakiej podstawie prawnej przetwarzamy dane u\u017cytkownika?<\/h4>\n\n<p>W naszym uzasadnionym interesie le\u017cy zapewnienie, aby odwiedzaj\u0105cy mogli korzysta\u0107 z naszych us\u0142ug online bez problem\u00f3w technicznych oraz aby wszystkie po\u017c\u0105dane funkcje by\u0142y dla nich dost\u0119pne. Przechowywanie niezb\u0119dnych i funkcjonalnych plik\u00f3w cookie na urz\u0105dzeniu u\u017cytkownika odbywa si\u0119 zatem na podstawie art. 6 ust. 1 litr. f) RODO. Ustawiamy wszystkie inne pliki cookie na podstawie art. 6 ust. 1 litr. a) RODO, pod warunkiem, \u017ce u\u017cytkownik wyrazi na to zgod\u0119. U\u017cytkownik mo\u017ce odwo\u0142a\u0107 t\u0119 zgod\u0119 w dowolnym momencie ze skutkiem na przysz\u0142o\u015b\u0107. Je\u015bli u\u017cytkownik wyrazi\u0142 zgod\u0119 na umieszczenie niezb\u0119dnych i funkcjonalnych plik\u00f3w cookie, gdy zosta\u0142 o to poproszony, te pliki cookie b\u0119d\u0105 r\u00f3wnie\u017c przechowywane wy\u0142\u0105cznie na podstawie jego zgody.<\/p>\n\n<h3 class=\"wp-block-heading\">Zgoda na pliki cookie z Borlabs Cookie<\/h3>\n<p>[borlabs-cookie type=&#8221;btn-consent-preferences&#8221; title=&#8221;Cookie-Einstellungen anpassen&#8221;\/]<\/p>\n\n<h4 class=\"wp-block-heading\">Co to jest Borlabs Cookie?<\/h4>\n\n<p>Wtyczka plik\u00f3w cookie zapewniaj\u0105ca zgodno\u015b\u0107 z RODO i ePrivacy<\/p>\n\n<h4 class=\"wp-block-heading\">Kto przetwarza dane u\u017cytkownika?<\/h4>\n\n<p>Tylko my, a nie dostawca Borlabs Cookie<\/p>\n\n<h4 class=\"wp-block-heading\">Gdzie mo\u017cna znale\u017a\u0107 wi\u0119cej informacji na temat ochrony danych w Borlabs Cookie?<\/h4>\n\n<figure class=\"wp-block-embed is-type-wp-embed is-provider-borlabs wp-block-embed-borlabs\"><div class=\"wp-block-embed__wrapper\">\n<blockquote class=\"wp-embedded-content\" data-secret=\"wbyoFg4rGk\"><a href=\"https:\/\/de.borlabs.io\/kb\/welche-daten-speichert-borlabs-cookie\/\">Welche Daten speichert Borlabs Cookie?<\/a><\/blockquote><iframe class=\"wp-embedded-content\" sandbox=\"allow-scripts\" security=\"restricted\" style=\"position: absolute; visibility: hidden;\" title=\"&#8222;Welche Daten speichert Borlabs Cookie?&#8220; &#8212; Borlabs\" src=\"https:\/\/de.borlabs.io\/kb\/welche-daten-speichert-borlabs-cookie\/embed\/#?secret=zOpoGoJgkF#?secret=wbyoFg4rGk\" data-secret=\"wbyoFg4rGk\" width=\"600\" height=\"338\" frameborder=\"0\" marginwidth=\"0\" marginheight=\"0\" scrolling=\"no\"><\/iframe>\n<\/div><\/figure>\n\n<h4 class=\"wp-block-heading\">Jak przetwarzamy dane u\u017cytkownik\u00f3w?<\/h4>\n\n<p>U\u017cywamy plik\u00f3w cookie Borlabs, aby uzyska\u0107 zgod\u0119 u\u017cytkownika na przechowywanie plik\u00f3w cookie na jego urz\u0105dzeniu. Po odwiedzeniu naszej strony internetowej i zamkni\u0119ciu okna Borlabs Cookie z pro\u015bb\u0105 o zgod\u0119, w przegl\u0105darce u\u017cytkownika zapisywany jest plik cookie Borlabs o nast\u0119puj\u0105cej tre\u015bci: <\/p>\n\n<ul class=\"wp-block-list\">\n<li>Czas dzia\u0142ania pliku cookie<\/li>\n\n\n\n<li>Wersja z plikami cookie<\/li>\n\n\n\n<li>Domena i \u015bcie\u017cka dost\u0119pu do strony internetowej<\/li>\n\n\n\n<li>Zgody<\/li>\n\n\n\n<li>losowo wygenerowany identyfikator<\/li>\n<\/ul>\n\n<p>Dane te nie s\u0105 przekazywane do dostawcy plik\u00f3w cookie Borlabs.<\/p>\n\n<p>Przechowujemy dane do momentu, gdy cel przechowywania danych przestanie mie\u0107 zastosowanie, u\u017cytkownik usunie plik cookie Borlabs lub za\u017c\u0105da od nas usuni\u0119cia danych. Nie dotyczy to sytuacji, gdy jeste\u015bmy prawnie zobowi\u0105zani do przechowywania danych. <\/p>\n\n<h4 class=\"wp-block-heading\">Na jakiej podstawie prawnej przetwarzamy dane u\u017cytkownika?<\/h4>\n\n<p>Jeste\u015bmy prawnie zobowi\u0105zani do uzyskania zgody odwiedzaj\u0105cych nasz\u0105 witryn\u0119 na korzystanie z niekt\u00f3rych plik\u00f3w cookie. Aby spe\u0142ni\u0107 ten obowi\u0105zek, u\u017cywamy plik\u00f3w cookie Borlabs. Podstaw\u0105 prawn\u0105 przetwarzania danych jest zatem art. 6 ust. 1 lit. c) RODO.    <\/p>\n\n<h2 class=\"wp-block-heading\">Pliki dziennika serwera<\/h2>\n\n<p>Pliki dziennika serwera rejestruj\u0105 wszystkie \u017c\u0105dania i dost\u0119p do naszej witryny oraz zapisuj\u0105 komunikaty o b\u0142\u0119dach. Zawieraj\u0105 one r\u00f3wnie\u017c dane osobowe, w szczeg\u00f3lno\u015bci adres IP u\u017cytkownika. Jest on jednak anonimizowany przez dostawc\u0119 po kr\u00f3tkim czasie, dzi\u0119ki czemu nie mo\u017cemy przypisa\u0107 tych danych do u\u017cytkownika. Dane te s\u0105 automatycznie przesy\u0142ane z przegl\u0105darki u\u017cytkownika do naszego dostawcy.   <\/p>\n\n<h4 class=\"wp-block-heading\">Jak przetwarzamy dane u\u017cytkownik\u00f3w?<\/h4>\n\n<p>Nasz dostawca przechowuje pliki dziennika serwera, aby m\u00f3c \u015bledzi\u0107 aktywno\u015b\u0107 na naszej stronie internetowej i wykrywa\u0107 b\u0142\u0119dy. Pliki te zawieraj\u0105 nast\u0119puj\u0105ce dane: <\/p>\n\n<ul class=\"wp-block-list\">\n<li>Typ i wersja przegl\u0105darki<\/li>\n\n\n\n<li>U\u017cywany system operacyjny<\/li>\n\n\n\n<li>Adres URL strony odsy\u0142aj\u0105cej<\/li>\n\n\n\n<li>Nazwa hosta komputera uzyskuj\u0105cego dost\u0119p<\/li>\n\n\n\n<li>Czas \u017c\u0105dania serwera<\/li>\n\n\n\n<li>Adres IP (w razie potrzeby zanonimizowany)<\/li>\n<\/ul>\n\n<p>Nie \u0142\u0105czymy tych danych z innymi danymi, a jedynie wykorzystujemy je do analizy statystycznej i ulepszania naszej strony internetowej.<\/p>\n\n<h4 class=\"wp-block-heading\">Na jakiej podstawie prawnej przetwarzamy dane u\u017cytkownika?<\/h4>\n\n<p>W naszym uzasadnionym interesie le\u017cy zapewnienie sprawnego dzia\u0142ania naszej witryny internetowej. W naszym uzasadnionym interesie le\u017cy r\u00f3wnie\u017c uzyskanie zanonimizowanego przegl\u0105du dost\u0119pu do naszej strony internetowej. Przetwarzanie danych jest zatem zgodne z prawem zgodnie z art. 6 ust. 1 lit. f) RODO.    <\/p>\n\n<h2 class=\"wp-block-heading\">Wtyczki medi\u00f3w spo\u0142eczno\u015bciowych<\/h2>\n\n<h3 class=\"wp-block-heading\">Korzystanie z wtyczek medi\u00f3w spo\u0142eczno\u015bciowych<\/h3>\n\n<p><strong>U\u017cytkowanie zgodne z ochron\u0105 danych<\/strong><\/p>\n\n<p>Na naszej stronie internetowej u\u017cywamy wtyczek medi\u00f3w spo\u0142eczno\u015bciowych. Mo\u017cna je rozpozna\u0107 po logo sieci spo\u0142eczno\u015bciowych. Dzi\u0119ki wtyczkom mo\u017cna \u0142atwo udost\u0119pnia\u0107 tre\u015bci na naszej stronie internetowej w sieciach spo\u0142eczno\u015bciowych. Poszczeg\u00f3lne wtyczki, z kt\u00f3rych korzystamy, mo\u017cna znale\u017a\u0107 na li\u015bcie na ko\u0144cu tej sekcji. Tutaj znajduj\u0105 si\u0119 r\u00f3wnie\u017c odpowiednie informacje o ochronie danych w sieciach.    <\/p>\n\n<p><strong>Jak przetwarzamy dane u\u017cytkownik\u00f3w?<\/strong><\/p>\n\n<p>Wtyczki zwykle dzia\u0142aj\u0105 w taki spos\u00f3b, \u017ce odwiedzenie strony internetowej, na kt\u00f3rej s\u0105 osadzone, wystarcza do nawi\u0105zania po\u0142\u0105czenia z serwerami sieci spo\u0142eczno\u015bciowych. W ten spos\u00f3b oferuj\u0105ce je firmy dowiaduj\u0105 si\u0119, \u017ce dana strona internetowa zosta\u0142a odwiedzona za po\u015brednictwem adresu IP u\u017cytkownika. Z wyj\u0105tkiem Xing, wszystkie sieci przechowuj\u0105 adres IP. Inne dane osobowe mog\u0105 zosta\u0107 dodane. Dane u\u017cytkownika s\u0105 zazwyczaj przesy\u0142ane na serwery w USA. W takim przypadku mo\u017cna dowiedzie\u0107 si\u0119, na jakiej podstawie jest to robione, w poni\u017cszych informacjach o sieciach.     <\/p>\n\n<p>Aby lepiej chroni\u0107 dane osobowe u\u017cytkownik\u00f3w, u\u017cywamy wy\u0142\u0105cznie przycisk\u00f3w medi\u00f3w spo\u0142eczno\u015bciowych zgodnych z przepisami o ochronie danych. Zast\u0119puj\u0105 one zwyk\u0142e przyciski sieci spo\u0142eczno\u015bciowych przyciskami, kt\u00f3re komunikuj\u0105 si\u0119 z serwerami sieci spo\u0142eczno\u015bciowych dopiero po ich klikni\u0119ciu. Mimo to nadal mo\u017cesz \u0142atwo udost\u0119pnia\u0107 informacje innym osobom.  <\/p>\n\n<p>Nawet w przypadku korzystania z przycisk\u00f3w medi\u00f3w spo\u0142eczno\u015bciowych zgodnych z zasadami ochrony danych, zachowanie u\u017cytkownika podczas surfowania mo\u017ce zosta\u0107 przypisane do jego osobistego profilu w sieci spo\u0142eczno\u015bciowej, je\u015bli w momencie klikni\u0119cia przycisku u\u017cytkownik jest zalogowany na swoim koncie w tej sieci. Je\u015bli nie chcesz, aby tak si\u0119 sta\u0142o, musisz wylogowa\u0107 si\u0119 ze swojego konta przed kontynuowaniem surfowania po Internecie. <\/p>\n\n<p><strong>Na jakiej podstawie prawnej przetwarzamy dane u\u017cytkownika?<\/strong><\/p>\n\n<p>Aktywuj\u0105c przycisk, u\u017cytkownik wyra\u017ca zgod\u0119 na utworzenie \u0142\u0105cza do danej sieci spo\u0142eczno\u015bciowej, przes\u0142anie adresu IP i ewentualnie innych danych oraz \u015bledzenie zachowania u\u017cytkownika podczas surfowania przez firm\u0119 medi\u00f3w spo\u0142eczno\u015bciowych. Oznacza to, \u017ce przetwarzanie danych zgodnie z art. 6 par.  1 litr. a) RODO jest zgodne z prawem. U\u017cytkownik mo\u017ce wycofa\u0107 swoj\u0105 zgod\u0119 w dowolnym momencie. Od momentu wycofania zgody nie mo\u017cemy ju\u017c przetwarza\u0107 danych u\u017cytkownika.  <\/p>\n\n<h4 class=\"wp-block-heading\">Z jakich wtyczek medi\u00f3w spo\u0142eczno\u015bciowych korzystamy?<\/h4>\n\n<h3 class=\"wp-block-heading\">Instagram<\/h3>\n\n<h4 class=\"wp-block-heading\">Czym jest Instagram?<\/h4>\n\n<p>Sie\u0107 spo\u0142eczno\u015bciowa<\/p>\n\n<h4 class=\"wp-block-heading\">Kto przetwarza dane u\u017cytkownika?<\/h4>\n\n<p>Meta Platforms Ireland Ltd, 4 Grand Canal Square, Grand Canal Harbour, Dublin 2, Irlandia<\/p>\n\n<h4 class=\"wp-block-heading\">Gdzie mo\u017cna znale\u017a\u0107 wi\u0119cej informacji na temat ochrony danych na Instagramie?<\/h4>\n\n<p><a href=\"https:\/\/instagram.com\/about\/legal\/privacy\">https:\/\/instagram.com\/about\/legal\/privacy<\/a><\/p>\n\n<h4 class=\"wp-block-heading\"><strong>Na jakiej podstawie przekazujemy dane u\u017cytkownika do USA?<\/strong><\/h4>\n\n<p>Na podstawie decyzji Komisji Europejskiej w sprawie adekwatno\u015bci i odpowiedniej certyfikacji firmy.<\/p>\n\n<h2 class=\"wp-block-heading\">Narz\u0119dzia analityczne i reklama<\/h2>\n\n<p>Korzystamy z nast\u0119puj\u0105cych narz\u0119dzi, aby analizowa\u0107 zachowanie odwiedzaj\u0105cych nasz\u0105 witryn\u0119 i wy\u015bwietla\u0107 reklamy.<\/p>\n\n<h3 class=\"wp-block-heading\">Matomo Analytics (zainstalowany lokalnie)<\/h3>\n<p id=\"matomo_opted_out_intro\" style=\"display:none;\">Opt-out complete; your visits to this website will not be recorded by the Web Analytics tool. Note that if you clear your cookies, delete the opt-out cookie, or if you change computers or Web browsers, you will need to perform the opt-out procedure again.<\/p><p id=\"matomo_opted_in_intro\" >You may choose to prevent this website from aggregating and analyzing the actions you take here. Doing so will protect your privacy, but will also prevent the owner from learning from your actions and creating a better experience for you and other users.<\/p><form>\n        <input type=\"checkbox\" id=\"matomo_optout_checkbox\" checked=\"checked\"\/>\n        <label for=\"matomo_optout_checkbox\"><strong>\n        <span id=\"matomo_opted_in_label\" >You are not opted out. Uncheck this box to opt-out.<\/span>\n\t\t<span id=\"matomo_opted_out_label\" style=\"display:none;\">You are currently opted out. Check this box to opt-in.<\/span>\n        <\/strong><\/label><\/form><noscript><p><strong style=\"color: #ff0000;\">This opt out feature requires JavaScript.<\/strong><\/p><\/noscript><p id=\"matomo_outout_err_cookies\" style=\"display: none;\"><strong>The tracking opt-out feature requires cookies to be enabled.<\/strong><\/p>\n\n<h4 class=\"wp-block-heading\">Jak przetwarzamy dane u\u017cytkownik\u00f3w?<\/h4>\n\n<p>Zawsze jeste\u015bmy zainteresowani optymalizacj\u0105 naszej strony internetowej dla u\u017cytkownik\u00f3w i umieszczaniem reklam w najlepszy mo\u017cliwy spos\u00f3b. Pomaga nam w tym Matomo Analytics, narz\u0119dzie typu open source, kt\u00f3re analizuje zachowanie u\u017cytkownik\u00f3w, a tym samym zapewnia nam baz\u0119 danych niezb\u0119dn\u0105 do wprowadzenia zmian. Matomo wykorzystuje pliki cookie, odciski palc\u00f3w urz\u0105dze\u0144 i inne technologie, kt\u00f3re umo\u017cliwiaj\u0105 rozpoznawanie u\u017cytkownika na r\u00f3\u017cnych stronach w celu analizy jego zachowania. Matomo rejestruje ods\u0142ony strony, region, z kt\u00f3rego pochodz\u0105, adres IP, stron\u0119 odsy\u0142aj\u0105c\u0105, u\u017cywan\u0105 przegl\u0105dark\u0119 i systemy operacyjne. Narz\u0119dzie mo\u017ce r\u00f3wnie\u017c mierzy\u0107, czy odwiedzaj\u0105cy nasz\u0105 witryn\u0119 wykonuj\u0105 okre\u015blone dzia\u0142ania (np. klikaj\u0105 linki lub dokonuj\u0105 zakup\u00f3w). Po zanonimizowaniu adresu IP u\u017cytkownika zebrane dane s\u0105 przechowywane wy\u0142\u0105cznie na naszym serwerze.     <\/p>\n\n<h4 class=\"wp-block-heading\">Na jakiej podstawie prawnej przetwarzamy dane u\u017cytkownika?<\/h4>\n\n<p>Jako operator strony internetowej mamy uzasadniony interes w anonimowej analizie zachowa\u0144 u\u017cytkownik\u00f3w w celu optymalizacji naszej strony internetowej i umieszczanych na niej reklam. Przetwarzanie danych jest zatem dozwolone zgodnie z art. 6 ust.  1 litr. f) RODO jest zgodne z prawem. W przypadku, gdy na przyk\u0142ad u\u017cytkownik wyrazi\u0142 zgod\u0119 na przechowywanie plik\u00f3w cookie lub w inny spos\u00f3b wyrazi\u0142 zgod\u0119 na przetwarzanie danych, tylko art. 6 ust. 1 lit. f) RODO jest zgodny z prawem.  1 litr. a) Podstaw\u0105 prawn\u0105 jest RODO. U\u017cytkownik mo\u017ce wycofa\u0107 swoj\u0105 zgod\u0119 w dowolnym momencie ze skutkiem na przysz\u0142o\u015b\u0107. <\/p>\n\n<h2 class=\"wp-block-heading\">Wtyczki i narz\u0119dzia<\/h2>\n\n<h3 class=\"wp-block-heading\">Czcionki Google (lokalny hosting)<\/h3>\n\n<p>Na naszej stronie internetowej u\u017cywamy czcionek ameryka\u0144skiej firmy Google. Czcionki zosta\u0142y zainstalowane lokalnie, dzi\u0119ki czemu nie ma po\u0142\u0105czenia z serwerami Google podczas odwiedzania naszej witryny. <\/p>\n\n<p>Wi\u0119cej informacji na temat Google Fonts mo\u017cna znale\u017a\u0107 na stronie <a target=\"_blank\" rel=\"noreferrer noopener\" href=\"https:\/\/developers.google.com\/fonts\/faq\">https:\/\/developers.google.com\/fonts\/faq<\/a> oraz w polityce prywatno\u015bci Google:<a target=\"_blank\" rel=\"noreferrer noopener\" href=\"https:\/\/policies.google.com\/privacy?hl=de.\"> https:\/\/policies.google.com\/privacy?hl=de.<\/a><\/p>\n\n<h3 class=\"wp-block-heading\">Font Awesome (lokalny hosting)<\/h3>\n\n<p>W naszej witrynie u\u017cywamy ikon z biblioteki ikon Font Awesome. Biblioteka ta jest dostarczana przez Fonticons Inc. Ikony zosta\u0142y zainstalowane lokalnie, dzi\u0119ki czemu nie ma po\u0142\u0105czenia z serwerami firmy podczas odwiedzania naszej witryny.   <\/p>\n\n<p>Wi\u0119cej informacji na temat Font Awesome mo\u017cna znale\u017a\u0107 na stronie <a target=\"_blank\" rel=\"noreferrer noopener\" href=\"https:\/\/fontawesome.com\/\">https:\/\/fontawesome.com\/<\/a>, a w szczeg\u00f3lno\u015bci w polityce prywatno\u015bci: <a target=\"_blank\" rel=\"noreferrer noopener\" href=\"https:\/\/fontawesome.com\/privacy\">https:<\/a><a target=\"_blank\" rel=\"noreferrer noopener\" href=\"https:\/\/fontawesome.com\/privacy.\">\/\/fontawesome.com\/privacy.<\/a><\/p>\n\n<h3 class=\"wp-block-heading\">Google reCAPTCHA<\/h3>\n\n<h4 class=\"wp-block-heading\">Czym jest Google reCAPTCHA?<\/h4>\n\n<p>Narz\u0119dzie testowe do rozr\u00f3\u017cniania ludzi i komputer\u00f3w od Google Ireland Ltd.<\/p>\n\n<h4 class=\"wp-block-heading\">Kto przetwarza dane u\u017cytkownika?<\/h4>\n\n<p>Google Ireland Ltd, Gordon House, Barrow Street, Dublin 4, Irlandia<\/p>\n\n<h4 class=\"wp-block-heading\">Gdzie mo\u017cna znale\u017a\u0107 wi\u0119cej informacji na temat ochrony danych w Google?<\/h4>\n\n<p><a href=\"https:\/\/policies.google.com\/privacy?hl=de\">https:\/\/policies.google.com\/privacy?hl=de<\/a><\/p>\n\n<h4 class=\"wp-block-heading\">Na jakiej podstawie przekazujemy dane u\u017cytkownika do USA?<\/h4>\n\n<p>Na podstawie decyzji Komisji Europejskiej w sprawie adekwatno\u015bci i odpowiedniej certyfikacji firmy.<\/p>\n\n<h4 class=\"wp-block-heading\">Jak przetwarzamy dane u\u017cytkownik\u00f3w?<\/h4>\n\n<p>U\u017cywamy Google reCAPTCHA do sprawdzania, czy dane wprowadzone do formularzy na naszej stronie internetowej pochodz\u0105 od cz\u0142owieka, czy od komputera. Dla u\u017cytkownika oznacza to, \u017ce narz\u0119dzie testowe analizuje jego zachowanie jako osoby odwiedzaj\u0105cej nasz\u0105 witryn\u0119 na podstawie r\u00f3\u017cnych cech. Analiza nie rozpoczyna si\u0119 w momencie u\u017cycia narz\u0119dzia testowego, ale w momencie odwiedzenia naszej strony internetowej. Rejestrowane s\u0105 r\u00f3\u017cne dane, np. adres IP, czas sp\u0119dzony na naszej stronie internetowej i wykonane ruchy mysz\u0105. Dane te s\u0105 przekazywane do Google.    <\/p>\n\n<h4 class=\"wp-block-heading\">Na jakiej podstawie prawnej przetwarzamy dane u\u017cytkownika?<\/h4>\n\n<p>Jako firma mamy uzasadniony interes w ochronie naszej strony internetowej przed spamem i niew\u0142a\u015bciwym szpiegowaniem. Przetwarzanie danych jest zatem dozwolone zgodnie z art. 6 par.  1 litr. f) RODO jest zgodne z prawem.<\/p>\n\n<p>Je\u015bli u\u017cytkownik wyrazi\u0142 zgod\u0119 na przetwarzanie danych, przetwarzamy jego dane wy\u0142\u0105cznie na podstawie art. 6 ust. 1 lit. a) RODO. Zgod\u0119 mo\u017cna wycofa\u0107 w dowolnym momencie. Od momentu cofni\u0119cia zgody nie mo\u017cemy ju\u017c przetwarza\u0107 danych u\u017cytkownika.    <\/p>\n\n<h3 class=\"wp-block-heading\">Korzystanie z czat\u00f3w i chatbot\u00f3w<\/h3>\n\n<p>Masz mo\u017cliwo\u015b\u0107 komunikowania si\u0119 z nami na naszej stronie internetowej za po\u015brednictwem czatu lub chatbota. Chatboty mog\u0105 odpowiada\u0107 na komunikacj\u0119 bez pomocy cz\u0142owieka. <\/p>\n\n<h4 class=\"wp-block-heading\">Jak przetwarzamy dane u\u017cytkownik\u00f3w?<\/h4>\n\n<p>Je\u015bli u\u017cytkownik zadaje pytanie lub dokonuje jakiegokolwiek wpisu w oknie czatu, chatbot analizuje inne dane opr\u00f3cz wpis\u00f3w u\u017cytkownika w celu udzielenia odpowiednich odpowiedzi (np. imiona i nazwiska, adresy e-mail i inne dane kontaktowe, numery klient\u00f3w i inne identyfikatory, zam\u00f3wienia i historie czatu). Adres IP u\u017cytkownika, pliki dziennika, informacje o lokalizacji i inne metadane mog\u0105 by\u0107 r\u00f3wnie\u017c gromadzone za po\u015brednictwem chatbota. Dane te s\u0105 zazwyczaj przechowywane na serwerach dostawcy chatbota.  <\/p>\n\n<p>Na podstawie zebranych danych mog\u0105 by\u0107 tworzone profile u\u017cytkownik\u00f3w. Ponadto, je\u015bli spe\u0142nione s\u0105 inne wymogi prawne (w szczeg\u00f3lno\u015bci zgoda u\u017cytkownika), dane mog\u0105 by\u0107 wykorzystywane do wy\u015bwietlania reklam odpowiadaj\u0105cych zainteresowaniom u\u017cytkownika. W tym celu chatboty mog\u0105 by\u0107 po\u0142\u0105czone z narz\u0119dziami analitycznymi i reklamowymi.  <\/p>\n\n<p>Zebrane dane mog\u0105 by\u0107 r\u00f3wnie\u017c wykorzystywane do ulepszania naszych chatbot\u00f3w i ich zachowa\u0144 w odpowiedzi (uczenie maszynowe).<\/p>\n\n<h4 class=\"wp-block-heading\">Jak d\u0142ugo przechowujemy dane u\u017cytkownika?<\/h4>\n\n<p>Usuwamy dane u\u017cytkownika, gdy tylko wyst\u0105pi jeden z poni\u017cszych punkt\u00f3w:<\/p>\n\n<p>&#8211; Twoje zapytanie zosta\u0142o ostatecznie przetworzone.<\/p>\n\n<p>&#8211; U\u017cytkownik prosi nas o usuni\u0119cie danych.<\/p>\n\n<p>&#8211; U\u017cytkownik odwo\u0142uje swoj\u0105 zgod\u0119 na przechowywanie danych.<\/p>\n\n<p>Nie ma to zastosowania tylko wtedy, gdy jeste\u015bmy prawnie zobowi\u0105zani do przechowywania danych.<\/p>\n\n<h4 class=\"wp-block-heading\">Na jakiej podstawie prawnej przetwarzamy dane u\u017cytkownika?<\/h4>\n\n<p>W zakresie, w jakim nasza wymiana za po\u015brednictwem chatbota jest zwi\u0105zana z naszym stosunkiem umownym lub s\u0142u\u017cy wdro\u017ceniu \u015brodk\u00f3w przedumownych, przetwarzamy dane u\u017cytkownika na podstawie art. 6 ust. 1 lit. a) RODO. 1 litr. b) RODO. Je\u015bli za\u017c\u0105dano odpowiedniej zgody, przetwarzanie odbywa si\u0119 wy\u0142\u0105cznie na podstawie art. 6 ust. 1 lit. a) RODO. 1 litr. a RODO i \u00a7 25 ust. 1 TTDSG, o ile zgoda obejmuje przechowywanie plik\u00f3w cookie lub dost\u0119p do informacji w urz\u0105dzeniu ko\u0144cowym u\u017cytkownika (np. pobieranie odcisk\u00f3w palc\u00f3w urz\u0105dzenia) w rozumieniu TTDSG. Zgoda mo\u017ce zosta\u0107 cofni\u0119ta w dowolnym momencie. We wszystkich innych przypadkach wykorzystanie danych opiera si\u0119 na naszym uzasadnionym interesie w mo\u017cliwie najskuteczniejszej komunikacji z klientami (art. 6 ust. 1 lit. f RODO).   <\/p>\n\n<h3 class=\"wp-block-heading\">Chatbot Salesforce<\/h3>\n\n<h4 class=\"wp-block-heading\">Czym jest chatbot Salesforce?<\/h4>\n\n<p>Salesforce Chatbot to oparty na sztucznej inteligencji chatbot b\u0119d\u0105cy cz\u0119\u015bci\u0105 portfolio produkt\u00f3w Salesforce Customer Service. Umo\u017cliwia on zespo\u0142om obs\u0142ugi klienta dostarczanie zautomatyzowanych, spersonalizowanych i szybkich odpowiedzi na zapytania klient\u00f3w. Dzi\u0119ki Salesforce Chatbot organizacje mog\u0105 poprawi\u0107 interakcje z klientami, zapewniaj\u0105c szybszy czas reakcji i uwalniaj\u0105c zasoby poprzez automatyzacj\u0119 standardowych zada\u0144. Ponadto Salesforce Chatbot zapewnia narz\u0119dzia do monitorowania i analizowania opinii klient\u00f3w w celu poprawy skuteczno\u015bci chatbota i zadowolenia klient\u00f3w.   <\/p>\n\n<h4 class=\"wp-block-heading\">Kto przetwarza dane u\u017cytkownika?<\/h4>\n\n<p>salesforce.com Germany GmbH, Erika-Mann-Str. 31, 80636 Monachium, Niemcy <\/p>\n\n<h4 class=\"wp-block-heading\">Gdzie mo\u017cna znale\u017a\u0107 wi\u0119cej informacji na temat ochrony danych w Salesforce?<\/h4>\n\n<figure class=\"wp-block-embed\"><div class=\"wp-block-embed__wrapper\">\nhttps:\/\/www.salesforce.com\/de\/company\/privacy\n<\/div><\/figure>\n\n<h4 class=\"wp-block-heading\">Na jakiej podstawie przekazujemy dane u\u017cytkownika do USA?<\/h4>\n\n<p>Na podstawie decyzji Komisji Europejskiej w sprawie adekwatno\u015bci i odpowiedniej certyfikacji firmy.<\/p>\n\n<h4 class=\"wp-block-heading\">Jak przetwarzamy dane u\u017cytkownik\u00f3w?<\/h4>\n\n<p>W ramach komunikacji z u\u017cytkownikiem Salesforce przetwarza wszystkie wprowadzone dane, a tak\u017ce dane dziennika (urz\u0105dzenie przegl\u0105darki itp.), adres IP u\u017cytkownika i inne dost\u0119pne dane, takie jak dane kontaktowe (np. adres e-mail i numery telefon\u00f3w), dane dotycz\u0105ce zam\u00f3wie\u0144, historie zam\u00f3wie\u0144, poprzednie zapytania klient\u00f3w, a tak\u017ce numery klient\u00f3w i inne identyfikatory. Analizowane jest r\u00f3wnie\u017c zachowanie u\u017cytkownika. <\/p>\n","protected":false},"excerpt":{"rendered":"<p>Og\u00f3lne Jako operator tej witryny internetowej i jako firma mamy kontakt z danymi osobowymi u\u017cytkownik\u00f3w. Odnosi si\u0119 to do wszystkich danych, kt\u00f3re m\u00f3wi\u0105 co\u015b o u\u017cytkowniku i za pomoc\u0105 kt\u00f3rych mo\u017cna go zidentyfikowa\u0107. W niniejszej polityce prywatno\u015bci chcieliby\u015bmy wyja\u015bni\u0107, w jaki spos\u00f3b, w jakim celu i na jakiej podstawie prawnej przetwarzamy Twoje dane. Jeste\u015bmy odpowiedzialni [&hellip;]<\/p>\n","protected":false},"author":1,"featured_media":0,"parent":0,"menu_order":0,"comment_status":"closed","ping_status":"closed","template":"","meta":{"footnotes":""},"class_list":["post-4309","page","type-page","status-publish","hentry"],"yoast_head":"<!-- This site is optimized with the Yoast SEO plugin v27.4 - https:\/\/yoast.com\/product\/yoast-seo-wordpress\/ -->\n<title>Ochrona danych - Spedition Hahne<\/title>\n<meta name=\"robots\" content=\"index, follow, max-snippet:-1, max-image-preview:large, max-video-preview:-1\" \/>\n<link rel=\"canonical\" href=\"https:\/\/www.hahne-spedition.de\/pl\/ochrona-danych\/\" \/>\n<meta property=\"og:locale\" content=\"pl_PL\" \/>\n<meta property=\"og:type\" content=\"article\" \/>\n<meta property=\"og:title\" content=\"Ochrona danych - Spedition Hahne\" \/>\n<meta property=\"og:description\" content=\"Og\u00f3lne Jako operator tej witryny internetowej i jako firma mamy kontakt z danymi osobowymi u\u017cytkownik\u00f3w. Odnosi si\u0119 to do wszystkich danych, kt\u00f3re m\u00f3wi\u0105 co\u015b o u\u017cytkowniku i za pomoc\u0105 kt\u00f3rych mo\u017cna go zidentyfikowa\u0107. W niniejszej polityce prywatno\u015bci chcieliby\u015bmy wyja\u015bni\u0107, w jaki spos\u00f3b, w jakim celu i na jakiej podstawie prawnej przetwarzamy Twoje dane. Jeste\u015bmy odpowiedzialni [&hellip;]\" \/>\n<meta property=\"og:url\" content=\"https:\/\/www.hahne-spedition.de\/pl\/ochrona-danych\/\" \/>\n<meta property=\"og:site_name\" content=\"Spedition Hahne\" \/>\n<meta property=\"article:modified_time\" content=\"2025-06-13T10:58:09+00:00\" \/>\n<meta name=\"twitter:card\" content=\"summary_large_image\" \/>\n<meta name=\"twitter:label1\" content=\"Szacowany czas czytania\" \/>\n\t<meta name=\"twitter:data1\" content=\"21 minut\" \/>\n<script type=\"application\/ld+json\" class=\"yoast-schema-graph\">{\"@context\":\"https:\\\/\\\/schema.org\",\"@graph\":[{\"@type\":\"WebPage\",\"@id\":\"https:\\\/\\\/www.hahne-spedition.de\\\/pl\\\/ochrona-danych\\\/\",\"url\":\"https:\\\/\\\/www.hahne-spedition.de\\\/pl\\\/ochrona-danych\\\/\",\"name\":\"Ochrona danych - Spedition Hahne\",\"isPartOf\":{\"@id\":\"https:\\\/\\\/www.hahne-spedition.de\\\/pl\\\/#website\"},\"datePublished\":\"2024-11-12T14:11:12+00:00\",\"dateModified\":\"2025-06-13T10:58:09+00:00\",\"breadcrumb\":{\"@id\":\"https:\\\/\\\/www.hahne-spedition.de\\\/pl\\\/ochrona-danych\\\/#breadcrumb\"},\"inLanguage\":\"pl-PL\",\"potentialAction\":[{\"@type\":\"ReadAction\",\"target\":[\"https:\\\/\\\/www.hahne-spedition.de\\\/pl\\\/ochrona-danych\\\/\"]}]},{\"@type\":\"BreadcrumbList\",\"@id\":\"https:\\\/\\\/www.hahne-spedition.de\\\/pl\\\/ochrona-danych\\\/#breadcrumb\",\"itemListElement\":[{\"@type\":\"ListItem\",\"position\":1,\"name\":\"Startseite\",\"item\":\"https:\\\/\\\/www.hahne-spedition.de\\\/pl\\\/\"},{\"@type\":\"ListItem\",\"position\":2,\"name\":\"Ochrona danych\"}]},{\"@type\":\"WebSite\",\"@id\":\"https:\\\/\\\/www.hahne-spedition.de\\\/pl\\\/#website\",\"url\":\"https:\\\/\\\/www.hahne-spedition.de\\\/pl\\\/\",\"name\":\"Spedition Hahne\",\"description\":\"Immer in Bewegung\",\"publisher\":{\"@id\":\"https:\\\/\\\/www.hahne-spedition.de\\\/pl\\\/#organization\"},\"potentialAction\":[{\"@type\":\"SearchAction\",\"target\":{\"@type\":\"EntryPoint\",\"urlTemplate\":\"https:\\\/\\\/www.hahne-spedition.de\\\/pl\\\/?s={search_term_string}\"},\"query-input\":{\"@type\":\"PropertyValueSpecification\",\"valueRequired\":true,\"valueName\":\"search_term_string\"}}],\"inLanguage\":\"pl-PL\"},{\"@type\":\"Organization\",\"@id\":\"https:\\\/\\\/www.hahne-spedition.de\\\/pl\\\/#organization\",\"name\":\"Spedition Hahne\",\"url\":\"https:\\\/\\\/www.hahne-spedition.de\\\/pl\\\/\",\"logo\":{\"@type\":\"ImageObject\",\"inLanguage\":\"pl-PL\",\"@id\":\"https:\\\/\\\/www.hahne-spedition.de\\\/pl\\\/#\\\/schema\\\/logo\\\/image\\\/\",\"url\":\"https:\\\/\\\/www.hahne-spedition.de\\\/wp-content\\\/uploads\\\/2024\\\/11\\\/spedition-hahne-logo.png\",\"contentUrl\":\"https:\\\/\\\/www.hahne-spedition.de\\\/wp-content\\\/uploads\\\/2024\\\/11\\\/spedition-hahne-logo.png\",\"width\":637,\"height\":246,\"caption\":\"Spedition Hahne\"},\"image\":{\"@id\":\"https:\\\/\\\/www.hahne-spedition.de\\\/pl\\\/#\\\/schema\\\/logo\\\/image\\\/\"}}]}<\/script>\n<!-- \/ Yoast SEO plugin. -->","yoast_head_json":{"title":"Ochrona danych - Spedition Hahne","robots":{"index":"index","follow":"follow","max-snippet":"max-snippet:-1","max-image-preview":"max-image-preview:large","max-video-preview":"max-video-preview:-1"},"canonical":"https:\/\/www.hahne-spedition.de\/pl\/ochrona-danych\/","og_locale":"pl_PL","og_type":"article","og_title":"Ochrona danych - Spedition Hahne","og_description":"Og\u00f3lne Jako operator tej witryny internetowej i jako firma mamy kontakt z danymi osobowymi u\u017cytkownik\u00f3w. Odnosi si\u0119 to do wszystkich danych, kt\u00f3re m\u00f3wi\u0105 co\u015b o u\u017cytkowniku i za pomoc\u0105 kt\u00f3rych mo\u017cna go zidentyfikowa\u0107. W niniejszej polityce prywatno\u015bci chcieliby\u015bmy wyja\u015bni\u0107, w jaki spos\u00f3b, w jakim celu i na jakiej podstawie prawnej przetwarzamy Twoje dane. Jeste\u015bmy odpowiedzialni [&hellip;]","og_url":"https:\/\/www.hahne-spedition.de\/pl\/ochrona-danych\/","og_site_name":"Spedition Hahne","article_modified_time":"2025-06-13T10:58:09+00:00","twitter_card":"summary_large_image","twitter_misc":{"Szacowany czas czytania":"21 minut"},"schema":{"@context":"https:\/\/schema.org","@graph":[{"@type":"WebPage","@id":"https:\/\/www.hahne-spedition.de\/pl\/ochrona-danych\/","url":"https:\/\/www.hahne-spedition.de\/pl\/ochrona-danych\/","name":"Ochrona danych - Spedition Hahne","isPartOf":{"@id":"https:\/\/www.hahne-spedition.de\/pl\/#website"},"datePublished":"2024-11-12T14:11:12+00:00","dateModified":"2025-06-13T10:58:09+00:00","breadcrumb":{"@id":"https:\/\/www.hahne-spedition.de\/pl\/ochrona-danych\/#breadcrumb"},"inLanguage":"pl-PL","potentialAction":[{"@type":"ReadAction","target":["https:\/\/www.hahne-spedition.de\/pl\/ochrona-danych\/"]}]},{"@type":"BreadcrumbList","@id":"https:\/\/www.hahne-spedition.de\/pl\/ochrona-danych\/#breadcrumb","itemListElement":[{"@type":"ListItem","position":1,"name":"Startseite","item":"https:\/\/www.hahne-spedition.de\/pl\/"},{"@type":"ListItem","position":2,"name":"Ochrona danych"}]},{"@type":"WebSite","@id":"https:\/\/www.hahne-spedition.de\/pl\/#website","url":"https:\/\/www.hahne-spedition.de\/pl\/","name":"Spedition Hahne","description":"Immer in Bewegung","publisher":{"@id":"https:\/\/www.hahne-spedition.de\/pl\/#organization"},"potentialAction":[{"@type":"SearchAction","target":{"@type":"EntryPoint","urlTemplate":"https:\/\/www.hahne-spedition.de\/pl\/?s={search_term_string}"},"query-input":{"@type":"PropertyValueSpecification","valueRequired":true,"valueName":"search_term_string"}}],"inLanguage":"pl-PL"},{"@type":"Organization","@id":"https:\/\/www.hahne-spedition.de\/pl\/#organization","name":"Spedition Hahne","url":"https:\/\/www.hahne-spedition.de\/pl\/","logo":{"@type":"ImageObject","inLanguage":"pl-PL","@id":"https:\/\/www.hahne-spedition.de\/pl\/#\/schema\/logo\/image\/","url":"https:\/\/www.hahne-spedition.de\/wp-content\/uploads\/2024\/11\/spedition-hahne-logo.png","contentUrl":"https:\/\/www.hahne-spedition.de\/wp-content\/uploads\/2024\/11\/spedition-hahne-logo.png","width":637,"height":246,"caption":"Spedition Hahne"},"image":{"@id":"https:\/\/www.hahne-spedition.de\/pl\/#\/schema\/logo\/image\/"}}]}},"_links":{"self":[{"href":"https:\/\/www.hahne-spedition.de\/pl\/wp-json\/wp\/v2\/pages\/4309","targetHints":{"allow":["GET"]}}],"collection":[{"href":"https:\/\/www.hahne-spedition.de\/pl\/wp-json\/wp\/v2\/pages"}],"about":[{"href":"https:\/\/www.hahne-spedition.de\/pl\/wp-json\/wp\/v2\/types\/page"}],"author":[{"embeddable":true,"href":"https:\/\/www.hahne-spedition.de\/pl\/wp-json\/wp\/v2\/users\/1"}],"replies":[{"embeddable":true,"href":"https:\/\/www.hahne-spedition.de\/pl\/wp-json\/wp\/v2\/comments?post=4309"}],"version-history":[{"count":3,"href":"https:\/\/www.hahne-spedition.de\/pl\/wp-json\/wp\/v2\/pages\/4309\/revisions"}],"predecessor-version":[{"id":4957,"href":"https:\/\/www.hahne-spedition.de\/pl\/wp-json\/wp\/v2\/pages\/4309\/revisions\/4957"}],"wp:attachment":[{"href":"https:\/\/www.hahne-spedition.de\/pl\/wp-json\/wp\/v2\/media?parent=4309"}],"curies":[{"name":"wp","href":"https:\/\/api.w.org\/{rel}","templated":true}]}}